{"id":13158,"date":"2018-07-04T17:43:06","date_gmt":"2018-07-04T15:43:06","guid":{"rendered":"https:\/\/osb.org\/a-confederacao-beneditina\/"},"modified":"2025-11-17T11:34:20","modified_gmt":"2025-11-17T10:34:20","slug":"a-confederacao-beneditina","status":"publish","type":"page","link":"https:\/\/osb.org\/pt-br\/a-ordem-beneditina\/a-confederacao-beneditina\/","title":{"rendered":"A confedera\u00e7\u00e3o beneditina"},"content":{"rendered":"<p><div class=\"fusion-fullwidth fullwidth-box fusion-builder-row-1 fusion-flex-container nonhundred-percent-fullwidth non-hundred-percent-height-scrolling\" style=\"--awb-border-radius-top-left:0px;--awb-border-radius-top-right:0px;--awb-border-radius-bottom-right:0px;--awb-border-radius-bottom-left:0px;--awb-flex-wrap:wrap;\" ><div class=\"fusion-builder-row fusion-row fusion-flex-align-items-flex-start fusion-flex-content-wrap\" style=\"max-width:1144px;margin-left: calc(-4% \/ 2 );margin-right: calc(-4% \/ 2 );\"><div class=\"fusion-layout-column fusion_builder_column fusion-builder-column-0 fusion_builder_column_1_1 1_1 fusion-flex-column\" style=\"--awb-bg-size:cover;--awb-width-large:100%;--awb-margin-top-large:0px;--awb-spacing-right-large:1.92%;--awb-margin-bottom-large:20px;--awb-spacing-left-large:1.92%;--awb-width-medium:100%;--awb-spacing-right-medium:1.92%;--awb-spacing-left-medium:1.92%;--awb-width-small:100%;--awb-spacing-right-small:1.92%;--awb-spacing-left-small:1.92%;\"><div class=\"fusion-column-wrapper fusion-flex-justify-content-flex-start fusion-content-layout-column\"><div class=\"fusion-text fusion-text-1\"><h2><span style=\"font-weight: 400;\">A confedera\u00e7\u00e3o beneditina<\/span><\/h2>\n<p><span style=\"font-weight: 400;\">A Confedera\u00e7\u00e3o Beneditina \u00e9 o corpo no qual as Congrega\u00e7\u00f5es e mosteiros beneditinos da Igreja Cat\u00f3lica est\u00e3o reunidos. Foi estabelecida em 1893 pelo Papa Le\u00e3o XIII com seu breve  <\/span><i><span style=\"font-weight: 400;\">Summum semper<\/span><\/i><span style=\"font-weight: 400;\">.<\/span><\/p>\n<\/div><\/div><\/div><\/div><\/div><div class=\"fusion-fullwidth fullwidth-box fusion-builder-row-2 fusion-flex-container nonhundred-percent-fullwidth non-hundred-percent-height-scrolling\" style=\"--awb-border-radius-top-left:0px;--awb-border-radius-top-right:0px;--awb-border-radius-bottom-right:0px;--awb-border-radius-bottom-left:0px;--awb-flex-wrap:wrap;\" ><div class=\"fusion-builder-row fusion-row fusion-flex-align-items-flex-start fusion-flex-content-wrap\" style=\"max-width:1144px;margin-left: calc(-4% \/ 2 );margin-right: calc(-4% \/ 2 );\"><div class=\"fusion-layout-column fusion_builder_column fusion-builder-column-1 fusion_builder_column_1_1 1_1 fusion-flex-column\" style=\"--awb-bg-size:cover;--awb-width-large:100%;--awb-margin-top-large:0px;--awb-spacing-right-large:1.92%;--awb-margin-bottom-large:20px;--awb-spacing-left-large:1.92%;--awb-width-medium:100%;--awb-spacing-right-medium:1.92%;--awb-spacing-left-medium:1.92%;--awb-width-small:100%;--awb-spacing-right-small:1.92%;--awb-spacing-left-small:1.92%;\"><div class=\"fusion-column-wrapper fusion-flex-justify-content-flex-start fusion-content-layout-column\"><div class=\"fusion-text fusion-text-2\"><h3>Membros<\/h3>\n<p><span style=\"font-weight: 400;\">As <a href=\"http:\/\/osborg.anselmianum.com\/introduction-to-the-benedictine-order\/directory-of-osb-congregations\/\">Congrega\u00e7\u00f5es de monges<\/a> s\u00e3o os membros ordin\u00e1rios da Confedera\u00e7\u00e3o Beneditina. Alguns mosteiros individuais que, por raz\u00f5es particulares, permaneceram fora de uma Congrega\u00e7\u00e3o foram admitidos como membros extraordin\u00e1rios. <\/span><\/p>\n<p><span style=\"font-weight: 400;\">Mosteiros e Institutos de Mulheres Beneditinas est\u00e3o associados \u00e0 Confedera\u00e7\u00e3o Beneditina e constituem a <\/span><a href=\"http:\/\/www.benedictines-cib.org\/\"><i><span style=\"font-weight: 400;\">Communio Internationalis Benedictinarum<\/span><\/i><\/a><span style=\"font-weight: 400;\"> (CIB).<\/span><\/p>\n<\/div><\/div><\/div><\/div><\/div><div class=\"fusion-fullwidth fullwidth-box fusion-builder-row-3 fusion-flex-container nonhundred-percent-fullwidth non-hundred-percent-height-scrolling\" style=\"--awb-border-radius-top-left:0px;--awb-border-radius-top-right:0px;--awb-border-radius-bottom-right:0px;--awb-border-radius-bottom-left:0px;--awb-flex-wrap:wrap;\" ><div class=\"fusion-builder-row fusion-row fusion-flex-align-items-flex-start fusion-flex-content-wrap\" style=\"max-width:1144px;margin-left: calc(-4% \/ 2 );margin-right: calc(-4% \/ 2 );\"><div class=\"fusion-layout-column fusion_builder_column fusion-builder-column-2 fusion_builder_column_1_2 1_2 fusion-flex-column\" style=\"--awb-bg-size:cover;--awb-width-large:50%;--awb-margin-top-large:0px;--awb-spacing-right-large:3.84%;--awb-margin-bottom-large:20px;--awb-spacing-left-large:3.84%;--awb-width-medium:100%;--awb-spacing-right-medium:1.92%;--awb-spacing-left-medium:1.92%;--awb-width-small:100%;--awb-spacing-right-small:1.92%;--awb-spacing-left-small:1.92%;\"><div class=\"fusion-column-wrapper fusion-flex-justify-content-flex-start fusion-content-layout-column\"><div class=\"fusion-text fusion-text-3\"><h3>Abade Primaz<\/h3>\n<p><span style=\"font-weight: 400;\">O Abade Primaz \u00e9 o chefe da Confedera\u00e7\u00e3o Beneditina. Ele \u00e9 eleito pelo Congresso de Abades. <\/span><\/p>\n<p><strong>Abade Primaz Jeremias Schr\u00f6der OSB<br \/><\/strong>nascido em dezembro de 1964;<br \/>professo na Erzabtei Sankt Ottilien em 14 de setembro de 1985;<br \/>ordenado em 7 de junho de 1992;<br \/>eleito sexto arquiabade de Erzabtei Sankt Ottilien em 5 de outubro de 2000 e aben\u00e7oado em 28 de outubro de 2000;<br \/>eleito e confirmado abade presidente da Congrega\u00e7\u00e3o de Ottilien em 13 de outubro de 2012;<br \/>nomeado administrador de Sankt Georgenberg 2021-2025;<br \/>reeleito abade presidente da Congrega\u00e7\u00e3o de Ottilien 2022-2024;<br \/>eleito abade primaz e abade de Sant\u2019Anselmo em 14 de setembro de 2024<\/p>\n<p><strong>C\u00faria do Abade Primaz<\/strong> (Secretaria Geral)<br \/><span style=\"font-weight: 400;\">curiaosb@anselmianum.com<\/span><br \/>Tel: +39 06 5791.267;<br \/>Fax: +39 06 5791.374<\/p>\n<\/div><\/div><\/div><div class=\"fusion-layout-column fusion_builder_column fusion-builder-column-3 fusion_builder_column_1_2 1_2 fusion-flex-column\" style=\"--awb-bg-size:cover;--awb-width-large:50%;--awb-margin-top-large:0px;--awb-spacing-right-large:3.84%;--awb-margin-bottom-large:20px;--awb-spacing-left-large:3.84%;--awb-width-medium:100%;--awb-spacing-right-medium:1.92%;--awb-spacing-left-medium:1.92%;--awb-width-small:100%;--awb-spacing-right-small:1.92%;--awb-spacing-left-small:1.92%;\"><div class=\"fusion-column-wrapper fusion-flex-justify-content-flex-start fusion-content-layout-column\"><div class=\"fusion-image-element \" style=\"--awb-caption-title-font-family:var(--h2_typography-font-family);--awb-caption-title-font-weight:var(--h2_typography-font-weight);--awb-caption-title-font-style:var(--h2_typography-font-style);--awb-caption-title-size:var(--h2_typography-font-size);--awb-caption-title-transform:var(--h2_typography-text-transform);--awb-caption-title-line-height:var(--h2_typography-line-height);--awb-caption-title-letter-spacing:var(--h2_typography-letter-spacing);\"><span class=\" fusion-imageframe imageframe-none imageframe-1 hover-type-none\" style=\"border:1px solid #b14821;\"><img decoding=\"async\" width=\"1653\" height=\"1920\" alt=\"Abade Primaz Gregory Polan OSB\" title=\"DSC_6989\" src=\"https:\/\/osb.org\/wp-content\/uploads\/2024\/11\/DSC_6989.jpeg\" data-orig-src=\"https:\/\/osb.org\/wp-content\/uploads\/2024\/11\/DSC_6989.jpeg\" class=\"lazyload img-responsive wp-image-15749\" srcset=\"data:image\/svg+xml,%3Csvg%20xmlns%3D%27http%3A%2F%2Fwww.w3.org%2F2000%2Fsvg%27%20width%3D%271653%27%20height%3D%271920%27%20viewBox%3D%270%200%201653%201920%27%3E%3Crect%20width%3D%271653%27%20height%3D%271920%27%20fill-opacity%3D%220%22%2F%3E%3C%2Fsvg%3E\" data-srcset=\"https:\/\/osb.org\/wp-content\/uploads\/2024\/11\/DSC_6989-200x232.jpeg 200w, https:\/\/osb.org\/wp-content\/uploads\/2024\/11\/DSC_6989-400x465.jpeg 400w, https:\/\/osb.org\/wp-content\/uploads\/2024\/11\/DSC_6989-600x697.jpeg 600w, https:\/\/osb.org\/wp-content\/uploads\/2024\/11\/DSC_6989-800x929.jpeg 800w, https:\/\/osb.org\/wp-content\/uploads\/2024\/11\/DSC_6989-1200x1394.jpeg 1200w, https:\/\/osb.org\/wp-content\/uploads\/2024\/11\/DSC_6989.jpeg 1653w\" data-sizes=\"auto\" data-orig-sizes=\"(max-width: 1024px) 100vw, (max-width: 640px) 100vw, 600px\" \/><\/span><\/div><\/div><\/div><\/div><\/div><div class=\"fusion-fullwidth fullwidth-box fusion-builder-row-4 fusion-flex-container nonhundred-percent-fullwidth non-hundred-percent-height-scrolling\" style=\"--awb-border-radius-top-left:0px;--awb-border-radius-top-right:0px;--awb-border-radius-bottom-right:0px;--awb-border-radius-bottom-left:0px;--awb-margin-top:30px;--awb-margin-bottom:30px;--awb-flex-wrap:wrap;\" ><div class=\"fusion-builder-row fusion-row fusion-flex-align-items-flex-start fusion-flex-content-wrap\" style=\"max-width:1144px;margin-left: calc(-4% \/ 2 );margin-right: calc(-4% \/ 2 );\"><div class=\"fusion-layout-column fusion_builder_column fusion-builder-column-4 fusion_builder_column_1_1 1_1 fusion-flex-column\" style=\"--awb-bg-size:cover;--awb-width-large:100%;--awb-margin-top-large:0px;--awb-spacing-right-large:1.92%;--awb-margin-bottom-large:20px;--awb-spacing-left-large:1.92%;--awb-width-medium:100%;--awb-spacing-right-medium:1.92%;--awb-spacing-left-medium:1.92%;--awb-width-small:100%;--awb-spacing-right-small:1.92%;--awb-spacing-left-small:1.92%;\"><div class=\"fusion-column-wrapper fusion-flex-justify-content-flex-start fusion-content-layout-column\"><div ><a class=\"fusion-button button-flat fusion-button-default-size button-custom fusion-button-default button-1 fusion-button-span-yes fusion-button-default-type\" style=\"--button_accent_color:#ffffff;--button_accent_hover_color:#ffffff;--button_border_hover_color:#ffffff;--button_gradient_top_color:#1495be;--button_gradient_bottom_color:#1495be;--button_gradient_top_color_hover:#72cee0;--button_gradient_bottom_color_hover:#72cee0;\" target=\"_self\" href=\"https:\/\/osb.org\/pt-br\/nossas-raizes\/uma-breve-historia-da-ordem-beneditina\/uma-lista-historica-de-abades-primazes\/\"><span class=\"fusion-button-text awb-button__text awb-button__text--default\">Uma lista hist\u00f3rica de abades primazes<\/span><\/a><\/div><\/div><\/div><\/div><\/div><div class=\"fusion-fullwidth fullwidth-box fusion-builder-row-5 fusion-flex-container nonhundred-percent-fullwidth non-hundred-percent-height-scrolling\" style=\"--awb-border-radius-top-left:0px;--awb-border-radius-top-right:0px;--awb-border-radius-bottom-right:0px;--awb-border-radius-bottom-left:0px;--awb-flex-wrap:wrap;\" ><div class=\"fusion-builder-row fusion-row fusion-flex-align-items-flex-start fusion-flex-content-wrap\" style=\"max-width:1144px;margin-left: calc(-4% \/ 2 );margin-right: calc(-4% \/ 2 );\"><div class=\"fusion-layout-column fusion_builder_column fusion-builder-column-5 fusion_builder_column_1_1 1_1 fusion-flex-column\" style=\"--awb-bg-size:cover;--awb-width-large:100%;--awb-margin-top-large:0px;--awb-spacing-right-large:1.92%;--awb-margin-bottom-large:20px;--awb-spacing-left-large:1.92%;--awb-width-medium:100%;--awb-spacing-right-medium:1.92%;--awb-spacing-left-medium:1.92%;--awb-width-small:100%;--awb-spacing-right-small:1.92%;--awb-spacing-left-small:1.92%;\"><div class=\"fusion-column-wrapper fusion-flex-justify-content-flex-start fusion-content-layout-column\"><div class=\"fusion-text fusion-text-4\"><h3>Governan\u00e7a<\/h3>\n<p><span style=\"font-weight: 400;\">A Confedera\u00e7\u00e3o Beneditina \u00e9 governada por uma <a href=\"https:\/\/osb.org\/wp-content\/uploads\/2018\/09\/LexPropria2008.pdf\">Lei Pr\u00f3pria (<i>Lex Propria<\/i>, vers\u00e3o em latim)<\/a> e outros regulamentos. A cada quatro anos, \u00e9 realizado um Congresso de Abades, reunindo todos os superiores maiores dos mosteiros de monges e representantes de outras organiza\u00e7\u00f5es. O Congresso elege o abade primaz. Todos os anos, os Abades Presidentes das 19 Congrega\u00e7\u00f5es de homens se re\u00fanem para um S\u00ednodo, onde discutem assuntos atuais que afetam a Confedera\u00e7\u00e3o.   <\/span><\/p>\n<\/div><\/div><\/div><\/div><\/div><div id=\"contatos\" class=\"fusion-container-anchor\"><div class=\"fusion-fullwidth fullwidth-box fusion-builder-row-6 fusion-flex-container nonhundred-percent-fullwidth non-hundred-percent-height-scrolling\" style=\"--awb-border-radius-top-left:0px;--awb-border-radius-top-right:0px;--awb-border-radius-bottom-right:0px;--awb-border-radius-bottom-left:0px;--awb-flex-wrap:wrap;\" ><div class=\"fusion-builder-row fusion-row fusion-flex-align-items-flex-start fusion-flex-content-wrap\" style=\"max-width:1144px;margin-left: calc(-4% \/ 2 );margin-right: calc(-4% \/ 2 );\"><div class=\"fusion-layout-column fusion_builder_column fusion-builder-column-6 fusion_builder_column_1_1 1_1 fusion-flex-column\" style=\"--awb-bg-size:cover;--awb-width-large:100%;--awb-margin-top-large:0px;--awb-spacing-right-large:1.92%;--awb-margin-bottom-large:20px;--awb-spacing-left-large:1.92%;--awb-width-medium:100%;--awb-spacing-right-medium:1.92%;--awb-spacing-left-medium:1.92%;--awb-width-small:100%;--awb-spacing-right-small:1.92%;--awb-spacing-left-small:1.92%;\"><div class=\"fusion-column-wrapper fusion-flex-justify-content-flex-start fusion-content-layout-column\"><div class=\"fusion-text fusion-text-5\"><h3>Sant\u2019Anselmo<\/h3>\n<p><span style=\"font-weight: 400;\">O abade primaz reside em Sant\u2019Anselmo, em Roma. Sant\u2019Anselmo hospeda a C\u00faria do abade primaz, um <a href=\"http:\/\/www.anselmianum.com\">Ateneu Pontif\u00edcio<\/a> e o <a href=\"https:\/\/www.collegiosantanselmo.com\">Col\u00e9gio<\/a>, uma comunidade residencial de monges que ensinam, estudam ou trabalham nas institui\u00e7\u00f5es da Confedera\u00e7\u00e3o ou em outros lugares de Roma. <\/span><\/p>\n<\/div><\/div><\/div><\/div><\/div><\/div><div class=\"fusion-fullwidth fullwidth-box fusion-builder-row-7 fusion-flex-container nonhundred-percent-fullwidth non-hundred-percent-height-scrolling\" style=\"--awb-border-radius-top-left:0px;--awb-border-radius-top-right:0px;--awb-border-radius-bottom-right:0px;--awb-border-radius-bottom-left:0px;--awb-flex-wrap:wrap;\" ><div class=\"fusion-builder-row fusion-row fusion-flex-align-items-flex-start fusion-flex-content-wrap\" style=\"max-width:1144px;margin-left: calc(-4% \/ 2 );margin-right: calc(-4% \/ 2 );\"><div class=\"fusion-layout-column fusion_builder_column fusion-builder-column-7 fusion_builder_column_1_1 1_1 fusion-flex-column\" style=\"--awb-bg-size:cover;--awb-width-large:100%;--awb-margin-top-large:0px;--awb-spacing-right-large:1.92%;--awb-margin-bottom-large:20px;--awb-spacing-left-large:1.92%;--awb-width-medium:100%;--awb-spacing-right-medium:1.92%;--awb-spacing-left-medium:1.92%;--awb-width-small:100%;--awb-spacing-right-small:1.92%;--awb-spacing-left-small:1.92%;\"><div class=\"fusion-column-wrapper fusion-flex-justify-content-flex-start fusion-content-layout-column\"><div class=\"fusion-title title fusion-title-1 sep-underline sep-solid fusion-title-text fusion-title-size-four\" style=\"--awb-margin-top-small:0px;--awb-margin-right-small:0px;--awb-margin-bottom-small:20px;--awb-margin-left-small:0px;\"><h4 class=\"fusion-title-heading title-heading-left fusion-responsive-typography-calculated\" style=\"margin:0;--fontSize:20;--minFontSize:20;line-height:1.5;\">Contatos de Sant&#8217;Anselmo<\/h4><\/div>\n<div class=\"table-1\">\n<table width=\"100%\">\n<thead>\n<tr>\n<th align=\"left\"><\/th>\n<th align=\"left\"><\/th>\n<th align=\"left\"><\/th>\n<\/tr>\n<\/thead>\n<tbody>\n<tr>\n<td align=\"left\">Informa\u00e7\u00f5es Gerais de Sant&#8217;Anselmo<\/td>\n<td align=\"left\">Piazza dei Cavalieri di Malta 5<br \/>00153 Roma, It\u00e1lia<br \/>Tel +39 06 5791 1<br \/>Fax +39 06 5746 863<\/td>\n<td align=\"left\">info@anselmianum.com<\/td>\n<\/tr>\n<tr>\n<td align=\"left\">C\u00faria do abade primaz<\/td>\n<td align=\"left\">curiaosb@anselmianum.com<br \/>+39 06 5791 267<\/td>\n<td align=\"left\"><\/td>\n<\/tr>\n<tr>\n<td align=\"left\">Pontif\u00edcio Ateneu Sant&#8217;Anselmo<\/td>\n<td align=\"left\"><a href=\"http:\/\/www.anselmianum.com\">www.anselmianum.com<\/a><br \/>ufficiorettore@anselmianum.com<br \/>+39 06 5791 1<\/td>\n<td align=\"left\"><a href=\"https:\/\/ateneo.anselmianum.com\/mod\/page\/view.php?id=27&amp;lang=en\">mais contatos do Ateneu aqui<\/a><\/td>\n<\/tr>\n<tr>\n<td align=\"left\">Col\u00e9gio Sant&#8217;Anselmo<\/td>\n<td align=\"left\"><a href=\"https:\/\/www.collegiosantanselmo.com\/en\/\">www.collegiosantanselmo.com<\/a><br \/>info@anselmianum.com<br \/>+39 06 5791 1<\/td>\n<td align=\"left\"><a href=\"https:\/\/www.collegiosantanselmo.com\/en\/\">mais contatos do Col\u00e9gio aqui<\/a><\/td>\n<\/tr>\n<\/tbody>\n<\/table>\n<\/div>\n<\/div><\/div><\/div><\/div><div class=\"fusion-fullwidth fullwidth-box fusion-builder-row-8 fusion-flex-container nonhundred-percent-fullwidth non-hundred-percent-height-scrolling\" style=\"--awb-border-radius-top-left:0px;--awb-border-radius-top-right:0px;--awb-border-radius-bottom-right:0px;--awb-border-radius-bottom-left:0px;--awb-margin-top:30px;--awb-flex-wrap:wrap;\" ><div class=\"fusion-builder-row fusion-row fusion-flex-align-items-flex-start fusion-flex-content-wrap\" style=\"max-width:1144px;margin-left: calc(-4% \/ 2 );margin-right: calc(-4% \/ 2 );\"><div class=\"fusion-layout-column fusion_builder_column fusion-builder-column-8 fusion_builder_column_1_1 1_1 fusion-flex-column\" style=\"--awb-bg-size:cover;--awb-width-large:100%;--awb-margin-top-large:0px;--awb-spacing-right-large:1.92%;--awb-margin-bottom-large:20px;--awb-spacing-left-large:1.92%;--awb-width-medium:100%;--awb-spacing-right-medium:1.92%;--awb-spacing-left-medium:1.92%;--awb-width-small:100%;--awb-spacing-right-small:1.92%;--awb-spacing-left-small:1.92%;\"><div class=\"fusion-column-wrapper fusion-flex-justify-content-flex-start fusion-content-layout-column\"><div class=\"fusion-title title fusion-title-2 sep-underline sep-solid fusion-title-text fusion-title-size-four\" style=\"--awb-margin-top-small:0px;--awb-margin-right-small:0px;--awb-margin-bottom-small:20px;--awb-margin-left-small:0px;\"><h4 class=\"fusion-title-heading title-heading-left fusion-responsive-typography-calculated\" style=\"margin:0;--fontSize:20;--minFontSize:20;line-height:1.5;\">Contatos da C\u00faria<\/h4><\/div>\n<div class=\"table-1\">\n<table width=\"100%\">\n<thead>\n<tr>\n<th align=\"left\"><strong>T\u00cdTULO<\/strong><\/th>\n<th align=\"left\"><strong>NOME<\/strong><\/th>\n<th align=\"left\"><strong>CONTATO<\/strong><\/th>\n<\/tr>\n<\/thead>\n<tbody>\n<tr>\n<td align=\"left\">Abade Primaz<\/td>\n<td align=\"left\">Rmus P. Jeremias Schr\u00f6der OSB<\/td>\n<td align=\"left\">curiaosb@anselmianum.com<br \/>+39 06 5791 267<\/td>\n<\/tr>\n<tr>\n<td align=\"left\">Procurador Geral<\/td>\n<td align=\"left\">P. Patrick Carter OSB<\/td>\n<td align=\"left\">procuratore@anselmianum.com<br \/>+39 06 5791 319<\/td>\n<\/tr>\n<tr>\n<td align=\"left\">Secret\u00e1rio do abade primaz<\/td>\n<td align=\"left\">Sig. Walter del Gaiso <\/td>\n<td align=\"left\">curiaosb@anselmianum.com<br \/>+39 06 5791 319<\/td>\n<\/tr>\n<tr>\n<td align=\"left\">Tesoureiro<\/td>\n<td align=\"left\">P. Geraldo Gonzalez y Lima OSB<\/td>\n<td align=\"left\">tesoriere@anselmianum.com<br \/>+39 06 5791 336<\/td>\n<\/tr>\n<tr>\n<td align=\"left\">Arquivista<\/td>\n<td align=\"left\">P. Edmund Power OSB<\/td>\n<td align=\"left\">+39 06 5791 266<\/td>\n<\/tr>\n<\/tbody>\n<\/table>\n<\/div>\n<\/div><\/div><\/div><\/div><div id=\"internacional\" class=\"fusion-container-anchor\"><div class=\"fusion-fullwidth fullwidth-box fusion-builder-row-9 fusion-flex-container nonhundred-percent-fullwidth non-hundred-percent-height-scrolling\" style=\"--awb-border-radius-top-left:0px;--awb-border-radius-top-right:0px;--awb-border-radius-bottom-right:0px;--awb-border-radius-bottom-left:0px;--awb-margin-top:30px;--awb-flex-wrap:wrap;\" ><div class=\"fusion-builder-row fusion-row fusion-flex-align-items-flex-start fusion-flex-content-wrap\" style=\"max-width:1144px;margin-left: calc(-4% \/ 2 );margin-right: calc(-4% \/ 2 );\"><div class=\"fusion-layout-column fusion_builder_column fusion-builder-column-9 fusion_builder_column_1_1 1_1 fusion-flex-column\" style=\"--awb-bg-size:cover;--awb-width-large:100%;--awb-margin-top-large:0px;--awb-spacing-right-large:1.92%;--awb-margin-bottom-large:20px;--awb-spacing-left-large:1.92%;--awb-width-medium:100%;--awb-spacing-right-medium:1.92%;--awb-spacing-left-medium:1.92%;--awb-width-small:100%;--awb-spacing-right-small:1.92%;--awb-spacing-left-small:1.92%;\"><div class=\"fusion-column-wrapper fusion-flex-justify-content-flex-start fusion-content-layout-column\"><div class=\"fusion-text fusion-text-6\"><h3>Organiza\u00e7\u00f5es internacionais<\/h3>\n<p><span style=\"font-weight: 400;\">A Confedera\u00e7\u00e3o Beneditina mant\u00e9m organiza\u00e7\u00f5es mon\u00e1sticas internacionais para promover certos objetivos. Essas organiza\u00e7\u00f5es tamb\u00e9m envolvem a Ordem Cisterciense e a Ordem dos Cistercienses da Estrita Observ\u00e2ncia, cujo modo de vida tamb\u00e9m \u00e9 baseado na Regra de S\u00e3o Bento. <\/span><\/p>\n<p><span style=\"font-weight: 400;\"><a href=\"http:\/\/www.aimintl.org\" target=\"_blank\" rel=\"noopener\">A Alian\u00e7a para o Monasticismo Internacional<\/a> (AIM) promove o desenvolvimento humano, cultural e religioso de mosteiros em todo o mundo e de suas popula\u00e7\u00f5es vizinhas. Facilita a reflex\u00e3o entre as comunidades que vivem sob a Regra de S\u00e3o Bento. <\/span><\/p>\n<p><a href=\"https:\/\/dimmid.org\/\" target=\"_blank\" rel=\"noopener\"><span style=\"font-weight: 400;\">Dialogue Interreligieux Monastique \/ Monastic Interreligious Dialogue<\/span> <\/a><span style=\"font-weight: 400;\">(DIMMID) promove e apoia o di\u00e1logo entre homens e mulheres mon\u00e1sticos crist\u00e3os e seguidores de outras religi\u00f5es, especialmente o di\u00e1logo no n\u00edvel da experi\u00eancia e pr\u00e1tica religiosa.<\/span><\/p>\n<p><span style=\"font-weight: 400;\"><a href=\"https:\/\/benedictineeducation.org\/\" target=\"_blank\" rel=\"noopener\">A Comiss\u00e3o Internacional de Educa\u00e7\u00e3o Beneditina<\/a> (ICBE) promove escolas na tradi\u00e7\u00e3o beneditina em todo o mundo.<\/span><\/p>\n<\/div><\/div><\/div><\/div><\/div><\/div><div class=\"fusion-fullwidth fullwidth-box fusion-builder-row-10 fusion-flex-container nonhundred-percent-fullwidth non-hundred-percent-height-scrolling\" style=\"--awb-border-radius-top-left:0px;--awb-border-radius-top-right:0px;--awb-border-radius-bottom-right:0px;--awb-border-radius-bottom-left:0px;--awb-flex-wrap:wrap;\" ><div class=\"fusion-builder-row fusion-row fusion-flex-align-items-flex-start fusion-flex-content-wrap\" style=\"max-width:1144px;margin-left: calc(-4% \/ 2 );margin-right: calc(-4% \/ 2 );\"><div class=\"fusion-layout-column fusion_builder_column fusion-builder-column-10 fusion_builder_column_1_1 1_1 fusion-flex-column\" style=\"--awb-bg-size:cover;--awb-width-large:100%;--awb-margin-top-large:0px;--awb-spacing-right-large:1.92%;--awb-margin-bottom-large:20px;--awb-spacing-left-large:1.92%;--awb-width-medium:100%;--awb-spacing-right-medium:1.92%;--awb-spacing-left-medium:1.92%;--awb-width-small:100%;--awb-spacing-right-small:1.92%;--awb-spacing-left-small:1.92%;\"><div class=\"fusion-column-wrapper fusion-flex-justify-content-flex-start fusion-content-layout-column\"><div class=\"fusion-text fusion-text-7\"><h3>Coopera\u00e7\u00e3o regional<\/h3>\n<p><span style=\"font-weight: 400;\">A fim de promover a coopera\u00e7\u00e3o em n\u00edvel regional, as comunidades mon\u00e1sticas formaram numerosas associa\u00e7\u00f5es, que diferem amplamente em escopo e profundidade institucional.<\/span><\/p>\n<p><span style=\"font-weight: 400;\">ABECCA &#8211; Asociacion Benedictino-Cisterciense del Caribe y de los Andes<\/span><\/p>\n<p><span style=\"font-weight: 400;\">BEAOA \u2013 beneditinos do leste da \u00c1sia, Oceania e Austr\u00e1lia<\/span><\/p>\n<p><span style=\"font-weight: 400;\">BECAN \u2013 associa\u00e7\u00e3o beneditina e cisterciense da Nig\u00e9ria<\/span><\/p>\n<p><span style=\"font-weight: 400;\">BECOSA \u2013 comunidades beneditinas da \u00c1frica do Sul<\/span><\/p>\n<p>BUANZ &#8211; a Uni\u00e3o Beneditina da Austr\u00e1lia e Nova Zel\u00e2ndia<\/p>\n<p><span style=\"font-weight: 400;\">BUT \u2013 Uni\u00e3o Beneditina da Tanz\u00e2nia<\/span><\/p>\n<p><span style=\"font-weight: 400;\"><a href=\"http:\/\/www.cimbramonastica.org.br\">CIMBRA<\/a> \u2013 Conferencia de Intercambio Monastico do Brasil (Brasil \u2013 homens e mulheres beneditinos e cistercienses)<\/span><\/p>\n<p><span style=\"font-weight: 400;\">CMF \u2013 Conf\u00e9rence Monastique de France<\/span><\/p>\n<p><span style=\"font-weight: 400;\">ISBF \u2013 federa\u00e7\u00e3o beneditina indiana e do Sri Lanka<\/span><\/p>\n<p><span style=\"font-weight: 400;\">S\u00c4K &#8211; Salzburger \u00c4btekonferenz (Alemanha, Su\u00ed\u00e7a, \u00c1ustria \u2013 homens beneditinos)<\/span><\/p>\n<p><span style=\"font-weight: 400;\"><a href=\"http:\/\/www.surco.org\">SURCO<\/a> \u2013 Conferencia de Comunidades Monasticas del Cono Sur (Argentina, Chile, Paraguai, Uruguai &#8211; homens e mulheres beneditinos e cistercienses)  <\/span><\/p>\n<p><span style=\"font-weight: 400;\"><a href=\"http:\/\/www.benediktinerinnen.de\">VBD<\/a> &#8211; Vereinigung Benediktinischer Frauenkl\u00f6ster im deutschen Sprachgebiet. (Alemanha, Su\u00ed\u00e7a, \u00c1ustria \u2013 mulheres beneditinas) <\/span><\/p>\n<\/div><\/div><\/div><\/div><\/div><\/p>\n","protected":false},"excerpt":{"rendered":"","protected":false},"author":1,"featured_media":0,"parent":13176,"menu_order":1,"comment_status":"closed","ping_status":"closed","template":"","meta":{"footnotes":""},"class_list":["post-13158","page","type-page","status-publish","hentry"],"_links":{"self":[{"href":"https:\/\/osb.org\/pt-br\/wp-json\/wp\/v2\/pages\/13158","targetHints":{"allow":["GET"]}}],"collection":[{"href":"https:\/\/osb.org\/pt-br\/wp-json\/wp\/v2\/pages"}],"about":[{"href":"https:\/\/osb.org\/pt-br\/wp-json\/wp\/v2\/types\/page"}],"author":[{"embeddable":true,"href":"https:\/\/osb.org\/pt-br\/wp-json\/wp\/v2\/users\/1"}],"replies":[{"embeddable":true,"href":"https:\/\/osb.org\/pt-br\/wp-json\/wp\/v2\/comments?post=13158"}],"version-history":[{"count":0,"href":"https:\/\/osb.org\/pt-br\/wp-json\/wp\/v2\/pages\/13158\/revisions"}],"up":[{"embeddable":true,"href":"https:\/\/osb.org\/pt-br\/wp-json\/wp\/v2\/pages\/13176"}],"wp:attachment":[{"href":"https:\/\/osb.org\/pt-br\/wp-json\/wp\/v2\/media?parent=13158"}],"curies":[{"name":"wp","href":"https:\/\/api.w.org\/{rel}","templated":true}]}}