{"id":13203,"date":"2018-07-04T17:43:06","date_gmt":"2018-07-04T15:43:06","guid":{"rendered":"https:\/\/osb.org\/der-benediktinerorden\/die-benediktinerkonfoederation\/"},"modified":"2025-11-17T11:34:31","modified_gmt":"2025-11-17T10:34:31","slug":"die-benediktinerkonfoederation","status":"publish","type":"page","link":"https:\/\/osb.org\/de\/der-benediktinerorden\/die-benediktinerkonfoederation\/","title":{"rendered":"Die Benediktinerkonf\u00f6deration"},"content":{"rendered":"<p><div class=\"fusion-fullwidth fullwidth-box fusion-builder-row-1 fusion-flex-container nonhundred-percent-fullwidth non-hundred-percent-height-scrolling\" style=\"--awb-border-radius-top-left:0px;--awb-border-radius-top-right:0px;--awb-border-radius-bottom-right:0px;--awb-border-radius-bottom-left:0px;--awb-flex-wrap:wrap;\" ><div class=\"fusion-builder-row fusion-row fusion-flex-align-items-flex-start fusion-flex-content-wrap\" style=\"max-width:1144px;margin-left: calc(-4% \/ 2 );margin-right: calc(-4% \/ 2 );\"><div class=\"fusion-layout-column fusion_builder_column fusion-builder-column-0 fusion_builder_column_1_1 1_1 fusion-flex-column\" style=\"--awb-bg-size:cover;--awb-width-large:100%;--awb-margin-top-large:0px;--awb-spacing-right-large:1.92%;--awb-margin-bottom-large:20px;--awb-spacing-left-large:1.92%;--awb-width-medium:100%;--awb-spacing-right-medium:1.92%;--awb-spacing-left-medium:1.92%;--awb-width-small:100%;--awb-spacing-right-small:1.92%;--awb-spacing-left-small:1.92%;\"><div class=\"fusion-column-wrapper fusion-flex-justify-content-flex-start fusion-content-layout-column\"><div class=\"fusion-text fusion-text-1\"><h2><span style=\"font-weight: 400;\">Die Benediktinerkonf\u00f6deration<\/span><\/h2>\n<p><span style=\"font-weight: 400;\">Die Benediktinische Konf\u00f6deration ist das Gremium, in dem die Benediktinerkongregationen und Kl\u00f6ster der Katholischen Kirche versammelt sind. Sie wurde 1893 von Papst Leo XIII. mit seinem Breve gegr\u00fcndet.  <\/span><i><span style=\"font-weight: 400;\">Summum semper<\/span><\/i><span style=\"font-weight: 400;\">.<\/span><\/p>\n<\/div><\/div><\/div><\/div><\/div><div class=\"fusion-fullwidth fullwidth-box fusion-builder-row-2 fusion-flex-container nonhundred-percent-fullwidth non-hundred-percent-height-scrolling\" style=\"--awb-border-radius-top-left:0px;--awb-border-radius-top-right:0px;--awb-border-radius-bottom-right:0px;--awb-border-radius-bottom-left:0px;--awb-flex-wrap:wrap;\" ><div class=\"fusion-builder-row fusion-row fusion-flex-align-items-flex-start fusion-flex-content-wrap\" style=\"max-width:1144px;margin-left: calc(-4% \/ 2 );margin-right: calc(-4% \/ 2 );\"><div class=\"fusion-layout-column fusion_builder_column fusion-builder-column-1 fusion_builder_column_1_1 1_1 fusion-flex-column\" style=\"--awb-bg-size:cover;--awb-width-large:100%;--awb-margin-top-large:0px;--awb-spacing-right-large:1.92%;--awb-margin-bottom-large:20px;--awb-spacing-left-large:1.92%;--awb-width-medium:100%;--awb-spacing-right-medium:1.92%;--awb-spacing-left-medium:1.92%;--awb-width-small:100%;--awb-spacing-right-small:1.92%;--awb-spacing-left-small:1.92%;\"><div class=\"fusion-column-wrapper fusion-flex-justify-content-flex-start fusion-content-layout-column\"><div class=\"fusion-text fusion-text-2\"><h3>Mitgliedschaft<\/h3>\n<p><span style=\"font-weight: 400;\">Die <a href=\"http:\/\/osborg.anselmianum.com\/introduction-to-the-benedictine-order\/directory-of-osb-congregations\/\">M\u00f6nchskongregationen<\/a> sind die ordentlichen Mitglieder der Benediktinischen Konf\u00f6deration. Einige einzelne Kl\u00f6ster, die aus besonderen Gr\u00fcnden au\u00dferhalb einer Kongregation geblieben sind, wurden als au\u00dferordentliche Mitglieder aufgenommen. <\/span><\/p>\n<p><span style=\"font-weight: 400;\">Kl\u00f6ster und Institute Benediktinischer Frauen sind mit der Benediktinischen Konf\u00f6deration assoziiert und bilden die <\/span><a href=\"http:\/\/www.benedictines-cib.org\/\"><i><span style=\"font-weight: 400;\">Communio Internationalis Benedictinarum<\/span><\/i><\/a><span style=\"font-weight: 400;\"> (CIB).<\/span><\/p>\n<\/div><\/div><\/div><\/div><\/div><div class=\"fusion-fullwidth fullwidth-box fusion-builder-row-3 fusion-flex-container nonhundred-percent-fullwidth non-hundred-percent-height-scrolling\" style=\"--awb-border-radius-top-left:0px;--awb-border-radius-top-right:0px;--awb-border-radius-bottom-right:0px;--awb-border-radius-bottom-left:0px;--awb-flex-wrap:wrap;\" ><div class=\"fusion-builder-row fusion-row fusion-flex-align-items-flex-start fusion-flex-content-wrap\" style=\"max-width:1144px;margin-left: calc(-4% \/ 2 );margin-right: calc(-4% \/ 2 );\"><div class=\"fusion-layout-column fusion_builder_column fusion-builder-column-2 fusion_builder_column_1_2 1_2 fusion-flex-column\" style=\"--awb-bg-size:cover;--awb-width-large:50%;--awb-margin-top-large:0px;--awb-spacing-right-large:3.84%;--awb-margin-bottom-large:20px;--awb-spacing-left-large:3.84%;--awb-width-medium:100%;--awb-spacing-right-medium:1.92%;--awb-spacing-left-medium:1.92%;--awb-width-small:100%;--awb-spacing-right-small:1.92%;--awb-spacing-left-small:1.92%;\"><div class=\"fusion-column-wrapper fusion-flex-justify-content-flex-start fusion-content-layout-column\"><div class=\"fusion-text fusion-text-3\"><h3>Abtprimas<\/h3>\n<p><span style=\"font-weight: 400;\">Der Abtprimas ist das Oberhaupt der Benediktinischen Konf\u00f6deration. Er wird vom \u00c4btekongress gew\u00e4hlt. <\/span><\/p>\n<p><strong>Abtprimas Jeremias Schr\u00f6der OSB<br \/><\/strong>geboren im Dezember 1964;<br \/>Profess in der Erzabtei Sankt Ottilien am 14. September 1985;<br \/>Priesterweihe am 7. Juni 1992;<br \/>am 5. Oktober 2000 zum sechsten Erzabt der Erzabtei Sankt Ottilien gew\u00e4hlt und am 28. Oktober 2000 benediziert;<br \/>am 13. Oktober 2012 zum Abtpr\u00e4ses der Ottilianer Kongregation gew\u00e4hlt und best\u00e4tigt;<br \/>zum Administrator von Sankt Georgenberg ernannt 2021-2025;<br \/>als Abtpr\u00e4ses der Ottilianer Kongregation wiedergew\u00e4hlt 2022-2024;<br \/>am 14. September 2024 zum Abtprimas und Abt von Sant\u2019Anselmo gew\u00e4hlt<\/p>\n<p><strong>Curia Abbatis Primatis<\/strong> (Generalsekretariat)<br \/><span style=\"font-weight: 400;\">curiaosb@anselmianum.com<\/span><br \/>Tel.: +39 06 5791.267;<br \/>Fax: +39 06 5791.374<\/p>\n<\/div><\/div><\/div><div class=\"fusion-layout-column fusion_builder_column fusion-builder-column-3 fusion_builder_column_1_2 1_2 fusion-flex-column\" style=\"--awb-bg-size:cover;--awb-width-large:50%;--awb-margin-top-large:0px;--awb-spacing-right-large:3.84%;--awb-margin-bottom-large:20px;--awb-spacing-left-large:3.84%;--awb-width-medium:100%;--awb-spacing-right-medium:1.92%;--awb-spacing-left-medium:1.92%;--awb-width-small:100%;--awb-spacing-right-small:1.92%;--awb-spacing-left-small:1.92%;\"><div class=\"fusion-column-wrapper fusion-flex-justify-content-flex-start fusion-content-layout-column\"><div class=\"fusion-image-element \" style=\"--awb-caption-title-font-family:var(--h2_typography-font-family);--awb-caption-title-font-weight:var(--h2_typography-font-weight);--awb-caption-title-font-style:var(--h2_typography-font-style);--awb-caption-title-size:var(--h2_typography-font-size);--awb-caption-title-transform:var(--h2_typography-text-transform);--awb-caption-title-line-height:var(--h2_typography-line-height);--awb-caption-title-letter-spacing:var(--h2_typography-letter-spacing);\"><span class=\" fusion-imageframe imageframe-none imageframe-1 hover-type-none\" style=\"border:1px solid #b14821;\"><img decoding=\"async\" width=\"1653\" height=\"1920\" alt=\"Abtprimas Gregory Polan OSB\" title=\"DSC_6989\" src=\"https:\/\/osb.org\/wp-content\/uploads\/2024\/11\/DSC_6989.jpeg\" data-orig-src=\"https:\/\/osb.org\/wp-content\/uploads\/2024\/11\/DSC_6989.jpeg\" class=\"lazyload img-responsive wp-image-15752\" srcset=\"data:image\/svg+xml,%3Csvg%20xmlns%3D%27http%3A%2F%2Fwww.w3.org%2F2000%2Fsvg%27%20width%3D%271653%27%20height%3D%271920%27%20viewBox%3D%270%200%201653%201920%27%3E%3Crect%20width%3D%271653%27%20height%3D%271920%27%20fill-opacity%3D%220%22%2F%3E%3C%2Fsvg%3E\" data-srcset=\"https:\/\/osb.org\/wp-content\/uploads\/2024\/11\/DSC_6989-200x232.jpeg 200w, https:\/\/osb.org\/wp-content\/uploads\/2024\/11\/DSC_6989-400x465.jpeg 400w, https:\/\/osb.org\/wp-content\/uploads\/2024\/11\/DSC_6989-600x697.jpeg 600w, https:\/\/osb.org\/wp-content\/uploads\/2024\/11\/DSC_6989-800x929.jpeg 800w, https:\/\/osb.org\/wp-content\/uploads\/2024\/11\/DSC_6989-1200x1394.jpeg 1200w, https:\/\/osb.org\/wp-content\/uploads\/2024\/11\/DSC_6989.jpeg 1653w\" data-sizes=\"auto\" data-orig-sizes=\"(max-width: 1024px) 100vw, (max-width: 640px) 100vw, 600px\" \/><\/span><\/div><\/div><\/div><\/div><\/div><div class=\"fusion-fullwidth fullwidth-box fusion-builder-row-4 fusion-flex-container nonhundred-percent-fullwidth non-hundred-percent-height-scrolling\" style=\"--awb-border-radius-top-left:0px;--awb-border-radius-top-right:0px;--awb-border-radius-bottom-right:0px;--awb-border-radius-bottom-left:0px;--awb-margin-top:30px;--awb-margin-bottom:30px;--awb-flex-wrap:wrap;\" ><div class=\"fusion-builder-row fusion-row fusion-flex-align-items-flex-start fusion-flex-content-wrap\" style=\"max-width:1144px;margin-left: calc(-4% \/ 2 );margin-right: calc(-4% \/ 2 );\"><div class=\"fusion-layout-column fusion_builder_column fusion-builder-column-4 fusion_builder_column_1_1 1_1 fusion-flex-column\" style=\"--awb-bg-size:cover;--awb-width-large:100%;--awb-margin-top-large:0px;--awb-spacing-right-large:1.92%;--awb-margin-bottom-large:20px;--awb-spacing-left-large:1.92%;--awb-width-medium:100%;--awb-spacing-right-medium:1.92%;--awb-spacing-left-medium:1.92%;--awb-width-small:100%;--awb-spacing-right-small:1.92%;--awb-spacing-left-small:1.92%;\"><div class=\"fusion-column-wrapper fusion-flex-justify-content-flex-start fusion-content-layout-column\"><div ><a class=\"fusion-button button-flat fusion-button-default-size button-custom fusion-button-default button-1 fusion-button-span-yes fusion-button-default-type\" style=\"--button_accent_color:#ffffff;--button_accent_hover_color:#ffffff;--button_border_hover_color:#ffffff;--button_gradient_top_color:#1495be;--button_gradient_bottom_color:#1495be;--button_gradient_top_color_hover:#72cee0;--button_gradient_bottom_color_hover:#72cee0;\" target=\"_self\" href=\"https:\/\/osb.org\/de\/unsere-wurzeln\/eine-kurze-geschichte-des-benediktinerordens\/eine-historische-liste-der-primasaebte\/\"><span class=\"fusion-button-text awb-button__text awb-button__text--default\">Eine historische Liste der \u00c4bteprimas<\/span><\/a><\/div><\/div><\/div><\/div><\/div><div class=\"fusion-fullwidth fullwidth-box fusion-builder-row-5 fusion-flex-container nonhundred-percent-fullwidth non-hundred-percent-height-scrolling\" style=\"--awb-border-radius-top-left:0px;--awb-border-radius-top-right:0px;--awb-border-radius-bottom-right:0px;--awb-border-radius-bottom-left:0px;--awb-flex-wrap:wrap;\" ><div class=\"fusion-builder-row fusion-row fusion-flex-align-items-flex-start fusion-flex-content-wrap\" style=\"max-width:1144px;margin-left: calc(-4% \/ 2 );margin-right: calc(-4% \/ 2 );\"><div class=\"fusion-layout-column fusion_builder_column fusion-builder-column-5 fusion_builder_column_1_1 1_1 fusion-flex-column\" style=\"--awb-bg-size:cover;--awb-width-large:100%;--awb-margin-top-large:0px;--awb-spacing-right-large:1.92%;--awb-margin-bottom-large:20px;--awb-spacing-left-large:1.92%;--awb-width-medium:100%;--awb-spacing-right-medium:1.92%;--awb-spacing-left-medium:1.92%;--awb-width-small:100%;--awb-spacing-right-small:1.92%;--awb-spacing-left-small:1.92%;\"><div class=\"fusion-column-wrapper fusion-flex-justify-content-flex-start fusion-content-layout-column\"><div class=\"fusion-text fusion-text-4\"><h3>Leitung<\/h3>\n<p><span style=\"font-weight: 400;\">Die Benediktinische Konf\u00f6deration wird durch ein <a href=\"https:\/\/osb.org\/wp-content\/uploads\/2018\/09\/LexPropria2008.pdf\">Eigenes Recht (<i>Lex Propria<\/i>, lateinische Version)<\/a> und andere Bestimmungen geregelt. Alle vier Jahre findet ein \u00c4btekongress statt, der alle h\u00f6heren Oberen der M\u00f6nchskl\u00f6ster und Vertreter anderer Organisationen zusammenbringt. Der Kongress w\u00e4hlt den Abtprimas. Jedes Jahr treffen sich die \u00c4btepr\u00e4sides der 19 M\u00e4nnerkongregationen zu einer Synode, auf der sie aktuelle Angelegenheiten der Konf\u00f6deration besprechen.   <\/span><\/p>\n<\/div><\/div><\/div><\/div><\/div><div id=\"Kontakte\" class=\"fusion-container-anchor\"><div class=\"fusion-fullwidth fullwidth-box fusion-builder-row-6 fusion-flex-container nonhundred-percent-fullwidth non-hundred-percent-height-scrolling\" style=\"--awb-border-radius-top-left:0px;--awb-border-radius-top-right:0px;--awb-border-radius-bottom-right:0px;--awb-border-radius-bottom-left:0px;--awb-flex-wrap:wrap;\" ><div class=\"fusion-builder-row fusion-row fusion-flex-align-items-flex-start fusion-flex-content-wrap\" style=\"max-width:1144px;margin-left: calc(-4% \/ 2 );margin-right: calc(-4% \/ 2 );\"><div class=\"fusion-layout-column fusion_builder_column fusion-builder-column-6 fusion_builder_column_1_1 1_1 fusion-flex-column\" style=\"--awb-bg-size:cover;--awb-width-large:100%;--awb-margin-top-large:0px;--awb-spacing-right-large:1.92%;--awb-margin-bottom-large:20px;--awb-spacing-left-large:1.92%;--awb-width-medium:100%;--awb-spacing-right-medium:1.92%;--awb-spacing-left-medium:1.92%;--awb-width-small:100%;--awb-spacing-right-small:1.92%;--awb-spacing-left-small:1.92%;\"><div class=\"fusion-column-wrapper fusion-flex-justify-content-flex-start fusion-content-layout-column\"><div class=\"fusion-text fusion-text-5\"><h3>Sant\u2019Anselmo<\/h3>\n<p><span style=\"font-weight: 400;\">Der Abtprimas residiert in Sant\u2019Anselmo in Rom. Sant\u2019Anselmo beherbergt die Kurie des Abtprimas, ein <a href=\"http:\/\/www.anselmianum.com\">P\u00e4pstliches Athen\u00e4um<\/a> und das <a href=\"https:\/\/www.collegiosantanselmo.com\">Collegio<\/a>, eine Wohngemeinschaft von M\u00f6nchen, die in den Institutionen der Konf\u00f6deration oder anderswo in Rom lehren, studieren oder arbeiten. <\/span><\/p>\n<\/div><\/div><\/div><\/div><\/div><\/div><div class=\"fusion-fullwidth fullwidth-box fusion-builder-row-7 fusion-flex-container nonhundred-percent-fullwidth non-hundred-percent-height-scrolling\" style=\"--awb-border-radius-top-left:0px;--awb-border-radius-top-right:0px;--awb-border-radius-bottom-right:0px;--awb-border-radius-bottom-left:0px;--awb-flex-wrap:wrap;\" ><div class=\"fusion-builder-row fusion-row fusion-flex-align-items-flex-start fusion-flex-content-wrap\" style=\"max-width:1144px;margin-left: calc(-4% \/ 2 );margin-right: calc(-4% \/ 2 );\"><div class=\"fusion-layout-column fusion_builder_column fusion-builder-column-7 fusion_builder_column_1_1 1_1 fusion-flex-column\" style=\"--awb-bg-size:cover;--awb-width-large:100%;--awb-margin-top-large:0px;--awb-spacing-right-large:1.92%;--awb-margin-bottom-large:20px;--awb-spacing-left-large:1.92%;--awb-width-medium:100%;--awb-spacing-right-medium:1.92%;--awb-spacing-left-medium:1.92%;--awb-width-small:100%;--awb-spacing-right-small:1.92%;--awb-spacing-left-small:1.92%;\"><div class=\"fusion-column-wrapper fusion-flex-justify-content-flex-start fusion-content-layout-column\"><div class=\"fusion-title title fusion-title-1 sep-underline sep-solid fusion-title-text fusion-title-size-four\" style=\"--awb-margin-top-small:0px;--awb-margin-right-small:0px;--awb-margin-bottom-small:20px;--awb-margin-left-small:0px;\"><h4 class=\"fusion-title-heading title-heading-left fusion-responsive-typography-calculated\" style=\"margin:0;--fontSize:20;--minFontSize:20;line-height:1.5;\">Kontakte Sant&#8217;Anselmo<\/h4><\/div>\n<div class=\"table-1\">\n<table width=\"100%\">\n<thead>\n<tr>\n<th align=\"left\"><\/th>\n<th align=\"left\"><\/th>\n<th align=\"left\"><\/th>\n<\/tr>\n<\/thead>\n<tbody>\n<tr>\n<td align=\"left\">Sant&#8217;Anselmo \u2013 Allgemeine Informationen<\/td>\n<td align=\"left\">Piazza dei Cavalieri di Malta 5<br \/>00153 Rome, Italy<br \/>Tel.: +39 06 5791 1<br \/>Fax: +39 06 5746 863<\/td>\n<td align=\"left\">info@anselmianum.com<\/td>\n<\/tr>\n<tr>\n<td align=\"left\">Kurie des Abtprimas<\/td>\n<td align=\"left\">curiaosb@anselmianum.com<br \/>+39 06 5791 267<\/td>\n<td align=\"left\"><\/td>\n<\/tr>\n<tr>\n<td align=\"left\">P\u00e4pstliches Athenaeum Sant&#8217;Anselmo<\/td>\n<td align=\"left\"><a href=\"http:\/\/www.anselmianum.com\">www.anselmianum.com<\/a><br \/>ufficiorettore@anselmianum.com<br \/>+39 06 5791 1<\/td>\n<td align=\"left\"><a href=\"https:\/\/ateneo.anselmianum.com\/mod\/page\/view.php?id=27&amp;lang=en\">Weitere Kontakte des Athenaeums finden Sie hier<\/a><\/td>\n<\/tr>\n<tr>\n<td align=\"left\">Kolleg Sant&#8217;Anselmo<\/td>\n<td align=\"left\"><a href=\"https:\/\/www.collegiosantanselmo.com\/en\/\">www.collegiosantanselmo.com<\/a><br \/>info@anselmianum.com<br \/>+39 06 5791 1<\/td>\n<td align=\"left\"><a href=\"https:\/\/www.collegiosantanselmo.com\/en\/\">Weitere Kontakte des Kollegs finden Sie hier<\/a><\/td>\n<\/tr>\n<\/tbody>\n<\/table>\n<\/div>\n<\/div><\/div><\/div><\/div><div class=\"fusion-fullwidth fullwidth-box fusion-builder-row-8 fusion-flex-container nonhundred-percent-fullwidth non-hundred-percent-height-scrolling\" style=\"--awb-border-radius-top-left:0px;--awb-border-radius-top-right:0px;--awb-border-radius-bottom-right:0px;--awb-border-radius-bottom-left:0px;--awb-margin-top:30px;--awb-flex-wrap:wrap;\" ><div class=\"fusion-builder-row fusion-row fusion-flex-align-items-flex-start fusion-flex-content-wrap\" style=\"max-width:1144px;margin-left: calc(-4% \/ 2 );margin-right: calc(-4% \/ 2 );\"><div class=\"fusion-layout-column fusion_builder_column fusion-builder-column-8 fusion_builder_column_1_1 1_1 fusion-flex-column\" style=\"--awb-bg-size:cover;--awb-width-large:100%;--awb-margin-top-large:0px;--awb-spacing-right-large:1.92%;--awb-margin-bottom-large:20px;--awb-spacing-left-large:1.92%;--awb-width-medium:100%;--awb-spacing-right-medium:1.92%;--awb-spacing-left-medium:1.92%;--awb-width-small:100%;--awb-spacing-right-small:1.92%;--awb-spacing-left-small:1.92%;\"><div class=\"fusion-column-wrapper fusion-flex-justify-content-flex-start fusion-content-layout-column\"><div class=\"fusion-title title fusion-title-2 sep-underline sep-solid fusion-title-text fusion-title-size-four\" style=\"--awb-margin-top-small:0px;--awb-margin-right-small:0px;--awb-margin-bottom-small:20px;--awb-margin-left-small:0px;\"><h4 class=\"fusion-title-heading title-heading-left fusion-responsive-typography-calculated\" style=\"margin:0;--fontSize:20;--minFontSize:20;line-height:1.5;\">Kurienkontakte<\/h4><\/div>\n<div class=\"table-1\">\n<table width=\"100%\">\n<thead>\n<tr>\n<th align=\"left\"><strong>TITEL<\/strong><\/th>\n<th align=\"left\"><strong>NAME<\/strong><\/th>\n<th align=\"left\"><strong>KONTAKT<\/strong><\/th>\n<\/tr>\n<\/thead>\n<tbody>\n<tr>\n<td align=\"left\">Abtprimas<\/td>\n<td align=\"left\">Rmus P. Jeremias Schr\u00f6der OSB<\/td>\n<td align=\"left\">curiaosb@anselmianum.com<br \/>+39 06 5791 267<\/td>\n<\/tr>\n<tr>\n<td align=\"left\">Generalprokurator<\/td>\n<td align=\"left\">P. Patrick Carter OSB<\/td>\n<td align=\"left\">procuratore@anselmianum.com<br \/>+39 06 5791 319<\/td>\n<\/tr>\n<tr>\n<td align=\"left\">Sekret\u00e4r des Abtprimas<\/td>\n<td align=\"left\">Sig. Walter del Gaiso <\/td>\n<td align=\"left\">curiaosb@anselmianum.com<br \/>+39 06 5791 319<\/td>\n<\/tr>\n<tr>\n<td align=\"left\">Schatzmeister<\/td>\n<td align=\"left\">P. Geraldo Gonzalez y Lima OSB<\/td>\n<td align=\"left\">tesoriere@anselmianum.com<br \/>+39 06 5791 336<\/td>\n<\/tr>\n<tr>\n<td align=\"left\">Archivar<\/td>\n<td align=\"left\">P. Edmund Power OSB<\/td>\n<td align=\"left\">+39 06 5791 266<\/td>\n<\/tr>\n<\/tbody>\n<\/table>\n<\/div>\n<\/div><\/div><\/div><\/div><div id=\"International\" class=\"fusion-container-anchor\"><div class=\"fusion-fullwidth fullwidth-box fusion-builder-row-9 fusion-flex-container nonhundred-percent-fullwidth non-hundred-percent-height-scrolling\" style=\"--awb-border-radius-top-left:0px;--awb-border-radius-top-right:0px;--awb-border-radius-bottom-right:0px;--awb-border-radius-bottom-left:0px;--awb-margin-top:30px;--awb-flex-wrap:wrap;\" ><div class=\"fusion-builder-row fusion-row fusion-flex-align-items-flex-start fusion-flex-content-wrap\" style=\"max-width:1144px;margin-left: calc(-4% \/ 2 );margin-right: calc(-4% \/ 2 );\"><div class=\"fusion-layout-column fusion_builder_column fusion-builder-column-9 fusion_builder_column_1_1 1_1 fusion-flex-column\" style=\"--awb-bg-size:cover;--awb-width-large:100%;--awb-margin-top-large:0px;--awb-spacing-right-large:1.92%;--awb-margin-bottom-large:20px;--awb-spacing-left-large:1.92%;--awb-width-medium:100%;--awb-spacing-right-medium:1.92%;--awb-spacing-left-medium:1.92%;--awb-width-small:100%;--awb-spacing-right-small:1.92%;--awb-spacing-left-small:1.92%;\"><div class=\"fusion-column-wrapper fusion-flex-justify-content-flex-start fusion-content-layout-column\"><div class=\"fusion-text fusion-text-6\"><h3>Internationale Organisationen<\/h3>\n<p><span style=\"font-weight: 400;\">Die Benediktinische Konf\u00f6deration unterh\u00e4lt internationale monastische Organisationen zur F\u00f6rderung bestimmter Ziele. Diese Organisationen umfassen auch den Zisterzienserorden und den Orden der Zisterzienser der strengeren Observanz, deren Lebensweise ebenfalls auf der Regel des Heiligen Benedikt basiert. <\/span><\/p>\n<p><span style=\"font-weight: 400;\"><a href=\"http:\/\/www.aimintl.org\" target=\"_blank\" rel=\"noopener\">Die Allianz f\u00fcr Internationalen Monastizismus<\/a> (AIM) f\u00f6rdert die menschliche, kulturelle und religi\u00f6se Entwicklung von Kl\u00f6stern weltweit und ihrer umliegenden Bev\u00f6lkerung. Sie erleichtert die Reflexion unter Gemeinschaften, die nach der Regel des Heiligen Benedikt leben. <\/span><\/p>\n<p><a href=\"https:\/\/dimmid.org\/\" target=\"_blank\" rel=\"noopener\"><span style=\"font-weight: 400;\">Dialogue Interreligieux Monastique \/ Monastic Interreligious Dialogue<\/span> <\/a><span style=\"font-weight: 400;\">(DIMMID) f\u00f6rdert und unterst\u00fctzt den Dialog zwischen christlichen M\u00f6nchen und Nonnen und Anh\u00e4ngern anderer Religionen, insbesondere den Dialog auf der Ebene religi\u00f6ser Erfahrung und Praxis.<\/span><\/p>\n<p><span style=\"font-weight: 400;\"><a href=\"https:\/\/benedictineeducation.org\/\" target=\"_blank\" rel=\"noopener\">Die Internationale Kommission f\u00fcr Benediktinische Bildung<\/a> (ICBE) f\u00f6rdert Schulen in der Benediktinischen Tradition weltweit.<\/span><\/p>\n<\/div><\/div><\/div><\/div><\/div><\/div><div class=\"fusion-fullwidth fullwidth-box fusion-builder-row-10 fusion-flex-container nonhundred-percent-fullwidth non-hundred-percent-height-scrolling\" style=\"--awb-border-radius-top-left:0px;--awb-border-radius-top-right:0px;--awb-border-radius-bottom-right:0px;--awb-border-radius-bottom-left:0px;--awb-flex-wrap:wrap;\" ><div class=\"fusion-builder-row fusion-row fusion-flex-align-items-flex-start fusion-flex-content-wrap\" style=\"max-width:1144px;margin-left: calc(-4% \/ 2 );margin-right: calc(-4% \/ 2 );\"><div class=\"fusion-layout-column fusion_builder_column fusion-builder-column-10 fusion_builder_column_1_1 1_1 fusion-flex-column\" style=\"--awb-bg-size:cover;--awb-width-large:100%;--awb-margin-top-large:0px;--awb-spacing-right-large:1.92%;--awb-margin-bottom-large:20px;--awb-spacing-left-large:1.92%;--awb-width-medium:100%;--awb-spacing-right-medium:1.92%;--awb-spacing-left-medium:1.92%;--awb-width-small:100%;--awb-spacing-right-small:1.92%;--awb-spacing-left-small:1.92%;\"><div class=\"fusion-column-wrapper fusion-flex-justify-content-flex-start fusion-content-layout-column\"><div class=\"fusion-text fusion-text-7\"><h3>Regionale Zusammenarbeit<\/h3>\n<p><span style=\"font-weight: 400;\">Um die Zusammenarbeit auf regionaler Ebene zu f\u00f6rdern, haben monastische Gemeinschaften zahlreiche Vereinigungen gebildet, die sich in Umfang und institutioneller Tiefe stark unterscheiden.<\/span><\/p>\n<p><span style=\"font-weight: 400;\">ABECCA &#8211; Asociacion Benedictino-Cisterciense del Caribe y de los Andes<\/span><\/p>\n<p><span style=\"font-weight: 400;\">BEAOA \u2013 Benediktiner Ostasiens, Ozeaniens und Australiens<\/span><\/p>\n<p><span style=\"font-weight: 400;\">BECAN \u2013 Benediktiner- und Zisterzienservereinigung von Nigeria<\/span><\/p>\n<p><span style=\"font-weight: 400;\">BECOSA \u2013 Benediktinergemeinschaften S\u00fcdafrikas<\/span><\/p>\n<p>BUANZ \u2013 die Benediktinerunion von Australien und Neuseeland<\/p>\n<p><span style=\"font-weight: 400;\">BUT \u2013 Benediktinerunion von Tansania<\/span><\/p>\n<p><span style=\"font-weight: 400;\"><a href=\"http:\/\/www.cimbramonastica.org.br\">CIMBRA<\/a> \u2013 Conferencia de Intercambio Monastico do Brasil (Brasilien \u2013 Benediktiner und Zisterzienserinnen)<\/span><\/p>\n<p><span style=\"font-weight: 400;\">CMF \u2013 Conf\u00e9rence Monastique de France<\/span><\/p>\n<p><span style=\"font-weight: 400;\">ISBF \u2013 Indische und Sri-Lankische Benediktinerf\u00f6deration<\/span><\/p>\n<p><span style=\"font-weight: 400;\">S\u00c4K \u2013 Salzburger \u00c4btekonferenz (Deutschland, Schweiz, \u00d6sterreich \u2013 Benediktiner)<\/span><\/p>\n<p><span style=\"font-weight: 400;\"><a href=\"http:\/\/www.surco.org\">SURCO<\/a> \u2013 Conferencia de Comunidades Monasticas del Cono Sur (Argentinien, Chile, Paraguay, Uruguay \u2013 Benediktiner und Zisterzienserinnen) <\/span><\/p>\n<p><span style=\"font-weight: 400;\"><a href=\"http:\/\/www.benediktinerinnen.de\">VBD<\/a> \u2013 Vereinigung Benediktinischer Frauenkl\u00f6ster im deutschen Sprachgebiet. (Deutschland, Schweiz, \u00d6sterreich \u2013 Benediktinerinnen) <\/span><\/p>\n<\/div><\/div><\/div><\/div><\/div><\/p>\n","protected":false},"excerpt":{"rendered":"","protected":false},"author":1,"featured_media":0,"parent":13178,"menu_order":1,"comment_status":"closed","ping_status":"closed","template":"","meta":{"footnotes":""},"class_list":["post-13203","page","type-page","status-publish","hentry"],"_links":{"self":[{"href":"https:\/\/osb.org\/de\/wp-json\/wp\/v2\/pages\/13203","targetHints":{"allow":["GET"]}}],"collection":[{"href":"https:\/\/osb.org\/de\/wp-json\/wp\/v2\/pages"}],"about":[{"href":"https:\/\/osb.org\/de\/wp-json\/wp\/v2\/types\/page"}],"author":[{"embeddable":true,"href":"https:\/\/osb.org\/de\/wp-json\/wp\/v2\/users\/1"}],"replies":[{"embeddable":true,"href":"https:\/\/osb.org\/de\/wp-json\/wp\/v2\/comments?post=13203"}],"version-history":[{"count":0,"href":"https:\/\/osb.org\/de\/wp-json\/wp\/v2\/pages\/13203\/revisions"}],"up":[{"embeddable":true,"href":"https:\/\/osb.org\/de\/wp-json\/wp\/v2\/pages\/13178"}],"wp:attachment":[{"href":"https:\/\/osb.org\/de\/wp-json\/wp\/v2\/media?parent=13203"}],"curies":[{"name":"wp","href":"https:\/\/api.w.org\/{rel}","templated":true}]}}